{"id":983,"date":"2020-12-09T15:53:15","date_gmt":"2020-12-09T14:53:15","guid":{"rendered":"https:\/\/mljalespayscevennes.com\/?page_id=983"},"modified":"2023-06-02T10:11:22","modified_gmt":"2023-06-02T08:11:22","slug":"auto-ecole-solidaire","status":"publish","type":"page","link":"https:\/\/mljalespayscevennes.com\/index.php\/auto-ecole-solidaire\/","title":{"rendered":"Auto \u00e9cole solidaire"},"content":{"rendered":"\t\t<div data-elementor-type=\"wp-page\" data-elementor-id=\"983\" class=\"elementor elementor-983\" data-elementor-settings=\"[]\">\n\t\t\t\t\t\t<div class=\"elementor-inner\">\n\t\t\t\t\t\t\t<div class=\"elementor-section-wrap\">\n\t\t\t\t\t\t\t<section data-particle_enable=\"false\" data-particle-mobile-disabled=\"false\" class=\"elementor-section elementor-top-section elementor-element elementor-element-4c098d09 elementor-section-height-min-height elementor-section-content-middle elementor-section-boxed elementor-section-height-default elementor-section-items-middle\" data-id=\"4c098d09\" data-element_type=\"section\" data-settings=\"{&quot;background_background&quot;:&quot;classic&quot;}\">\n\t\t\t\t\t\t<div class=\"elementor-container elementor-column-gap-default\">\n\t\t\t\t\t\t\t<div class=\"elementor-row\">\n\t\t\t\t\t<div class=\"elementor-column elementor-col-100 elementor-top-column elementor-element elementor-element-83e457f\" data-id=\"83e457f\" data-element_type=\"column\">\n\t\t\t<div class=\"elementor-column-wrap\">\n\t\t\t\t\t\t\t<div class=\"elementor-widget-wrap\">\n\t\t\t\t\t\t\t\t<\/div>\n\t\t\t\t\t<\/div>\n\t\t<\/div>\n\t\t\t\t\t\t\t\t<\/div>\n\t\t\t\t\t<\/div>\n\t\t<\/section>\n\t\t\t\t<section data-particle_enable=\"false\" data-particle-mobile-disabled=\"false\" class=\"elementor-section elementor-top-section elementor-element elementor-element-4ac77a43 elementor-section-boxed elementor-section-height-default elementor-section-height-default\" data-id=\"4ac77a43\" data-element_type=\"section\" data-settings=\"{&quot;background_background&quot;:&quot;classic&quot;}\">\n\t\t\t\t\t\t<div class=\"elementor-container elementor-column-gap-default\">\n\t\t\t\t\t\t\t<div class=\"elementor-row\">\n\t\t\t\t\t<div class=\"elementor-column elementor-col-100 elementor-top-column elementor-element elementor-element-30f5d561\" data-id=\"30f5d561\" data-element_type=\"column\">\n\t\t\t<div class=\"elementor-column-wrap elementor-element-populated\">\n\t\t\t\t\t\t\t<div class=\"elementor-widget-wrap\">\n\t\t\t\t\t\t<div class=\"elementor-element elementor-element-1b61eb2d elementor-widget elementor-widget-global elementor-global-963 elementor-widget-heading\" data-id=\"1b61eb2d\" data-element_type=\"widget\" data-widget_type=\"heading.default\">\n\t\t\t\t<div class=\"elementor-widget-container\">\n\t\t\t<div class=\"elementor-heading-title elementor-size-default\">MLJ Al\u00e8s-pays c\u00e9vennes<\/div>\t\t<\/div>\n\t\t\t\t<\/div>\n\t\t\t\t<div class=\"elementor-element elementor-element-7a394b98 elementor-widget elementor-widget-heading\" data-id=\"7a394b98\" data-element_type=\"widget\" data-widget_type=\"heading.default\">\n\t\t\t\t<div class=\"elementor-widget-container\">\n\t\t\t<h2 class=\"elementor-heading-title elementor-size-default\">Auto \u00e9cole solidaire<\/h2>\t\t<\/div>\n\t\t\t\t<\/div>\n\t\t\t\t<div class=\"elementor-element elementor-element-4750eaa elementor-widget elementor-widget-text-editor\" data-id=\"4750eaa\" data-element_type=\"widget\" data-widget_type=\"text-editor.default\">\n\t\t\t\t<div class=\"elementor-widget-container\">\n\t\t\t\t\t<div class=\"elementor-text-editor elementor-clearfix\"><p><strong>La Mission Locale Jeunes Al\u00e8s Pays C\u00e9vennes dispose d\u2019une auto-\u00e9cole solidaire int\u00e9gr\u00e9e. Celle-ci permet \u00e0 moindre co\u00fbt de pouvoir pr\u00e9parer et passer son permis de conduire. Les conditions d\u2019acc\u00e8s se font sur\u00a0dossier et sous conditions de ressources.<\/strong><\/p><\/div>\n\t\t\t\t<\/div>\n\t\t\t\t<\/div>\n\t\t\t\t<div class=\"elementor-element elementor-element-fb6acfc elementor-widget elementor-widget-html\" data-id=\"fb6acfc\" data-element_type=\"widget\" data-widget_type=\"html.default\">\n\t\t\t\t<div class=\"elementor-widget-container\">\n\t\t\t<script> \njQuery(document).ready(function($) { \nvar delay = 100; setTimeout(function() { \n$('.elementor-tab-title').removeClass('elementor-active');\n $('.elementor-tab-content').css('display', 'none'); }, delay); \n}); \n<\/script>\t\t<\/div>\n\t\t\t\t<\/div>\n\t\t\t\t<div class=\"elementor-element elementor-element-c2cd389 elementor-widget elementor-widget-accordion\" data-id=\"c2cd389\" data-element_type=\"widget\" data-widget_type=\"accordion.default\">\n\t\t\t\t<div class=\"elementor-widget-container\">\n\t\t\t\t\t<div class=\"elementor-accordion\" role=\"tablist\">\n\t\t\t\t\t\t\t<div class=\"elementor-accordion-item\">\n\t\t\t\t\t<div id=\"elementor-tab-title-2041\" class=\"elementor-tab-title\" data-tab=\"1\" role=\"tab\" aria-controls=\"elementor-tab-content-2041\">\n\t\t\t\t\t\t\t\t\t\t\t\t\t<span class=\"elementor-accordion-icon elementor-accordion-icon-left\" aria-hidden=\"true\">\n\t\t\t\t\t\t\t\t\t\t\t\t\t\t\t<span class=\"elementor-accordion-icon-closed\"><i class=\"fas fa-plus\"><\/i><\/span>\n\t\t\t\t\t\t\t\t<span class=\"elementor-accordion-icon-opened\"><i class=\"fas fa-minus\"><\/i><\/span>\n\t\t\t\t\t\t\t\t\t\t\t\t\t\t<\/span>\n\t\t\t\t\t\t\t\t\t\t\t\t<a class=\"elementor-accordion-title\" href=\"\">Lisez l'article Objectif Gard<\/a>\n\t\t\t\t\t<\/div>\n\t\t\t\t\t<div id=\"elementor-tab-content-2041\" class=\"elementor-tab-content elementor-clearfix\" data-tab=\"1\" role=\"tabpanel\" aria-labelledby=\"elementor-tab-title-2041\"><p><strong><img loading=\"lazy\" class=\"alignnone wp-image-986 size-large\" src=\"https:\/\/mljalespayscevennes.com\/wp-content\/uploads\/2020\/12\/auto-ecole-1024x562.jpg\" alt=\"\" width=\"580\" height=\"318\" srcset=\"https:\/\/mljalespayscevennes.com\/wp-content\/uploads\/2020\/12\/auto-ecole-1024x562.jpg 1024w, https:\/\/mljalespayscevennes.com\/wp-content\/uploads\/2020\/12\/auto-ecole-300x165.jpg 300w, https:\/\/mljalespayscevennes.com\/wp-content\/uploads\/2020\/12\/auto-ecole-768x422.jpg 768w, https:\/\/mljalespayscevennes.com\/wp-content\/uploads\/2020\/12\/auto-ecole-1200x659.jpg 1200w, https:\/\/mljalespayscevennes.com\/wp-content\/uploads\/2020\/12\/auto-ecole.jpg 1481w\" sizes=\"(max-width: 580px) 100vw, 580px\" \/>Pour beaucoup, l&rsquo;obtention du permis de conduire repr\u00e9sente, avant tout, un permis de travailler. Mais l&rsquo;examen co\u00fbte cher et certains jeunes se retrouvent bloqu\u00e9s professionnellement. A Al\u00e8s, l&rsquo;auto-\u00e9cole sociale a \u00e9t\u00e9 cr\u00e9\u00e9e sp\u00e9cialement pour eux.<\/strong><\/p><p>Yohann a choisi de travailler dans les m\u00e9tiers de la cuisine. Le jeune homme a d\u00e9j\u00e0 eu des entretiens, mais n&rsquo;a pas encore pu d\u00e9crocher un emploi. Une ligne manque \u00e0 son CV : le permis de conduire. \u00ab J&rsquo;habite \u00e0 La Grand&rsquo;Combe. L\u00e0-bas, il n&rsquo;y a rien dans mon domaine. Si j&rsquo;avais le permis, je travaillerai d\u00e9j\u00e0 \u00bb, explique t-il. En janvier, il a commenc\u00e9 \u00e0 prendre des cours de code \u00e0 l&rsquo;auto-\u00e9cole sociale, implant\u00e9e depuis 2007 \u00e0 Al\u00e8s.<\/p><p>Install\u00e9e sur la Grand Rue Jean Moulin, elle s&rsquo;adresse exclusivement aux jeunes inscrits \u00e0 la Mission locale. Il s&rsquo;agit donc de personnes aux faibles niveaux de qualification, sans ressources et en recherche active d&#8217;emploi. Personnes qui n&rsquo;ont donc pas les moyens de d\u00e9bourser 1000\u20ac dans une auto-\u00e9cole commerciale. \u00ab Inversement, on ne va pas ouvrir nos portes \u00e0 quelqu&rsquo;un qui a les moyens de se payer le permis \u00bb, souligne Pierre Martin, pr\u00e9sident de la Mission locale. A l&rsquo;auto-\u00e9cole sociale, la participation financi\u00e8re s&rsquo;\u00e9l\u00e8ve \u00e0 310\u20ac, soit 110\u20ac de frais d&rsquo;inscriptions, 100\u20ac au moment du passage du code de la route et 100\u20ac avant l&rsquo;examen pratique du permis de conduire. Des prix cass\u00e9s qui permettent de faciliter l&rsquo;insertion professionnelle et sociale des jeunes.<\/p><p><strong>150 personnes accompagn\u00e9es depuis 2007<\/strong><\/p><p>L&rsquo;obtention du pr\u00e9cieux s\u00e9same signifie beaucoup pour ces \u00e9l\u00e8ves-l\u00e0. Depuis qu&rsquo;elle a r\u00e9ussi l&rsquo;examen en f\u00e9vrier, Micka\u00eblla a pu augmenter ses heures de travail : \u00ab Je suis femme de m\u00e9nage et j&rsquo;ai pu passer de 18h \u00e0 25h. Le but c&rsquo;est de faire 35h \u00bb. Cindy, qui suit une formation en esth\u00e9tique, peut d\u00e9sormais se d\u00e9placer sur ses lieux de stages. La situation des deux jeunes femmes est envi\u00e9e par ceux qui prennent leurs le\u00e7ons de code, comme Eloy : \u00ab J&rsquo;ai un CAP de tailleur de pierre. Chaque employeur que j&rsquo;ai rencontr\u00e9 m&rsquo;a demand\u00e9 le permis \u00bb. Quant \u00e0 Laura, elle est d\u00e9j\u00e0 stress\u00e9e par l&rsquo;examen : \u00ab Mais je n&rsquo;ai pas le choix car je veux devenir employ\u00e9e commerciale \u00bb.<\/p><p>C&rsquo;est Ang\u00e9lique Azorin, monitrice, qui chapeaute les \u00e9l\u00e8ves. Et l&rsquo;investissement n&rsquo;est pas le m\u00eame que dans une auto-\u00e9cole classique : \u00ab Il faut s&rsquo;adapter aux personnalit\u00e9s et aux niveaux scolaires de chacun. J&rsquo;ai d\u00e9j\u00e0 eu un jeune qui ne savait ni lire, ni \u00e9crire. Dans ces cas-l\u00e0, c&rsquo;est tr\u00e8s difficile \u00bb. Pour les cours de conduite, la monitrice prend le temps de mettre en confiance les futurs conducteurs \u00ab car beaucoup sont en situation d&rsquo;\u00e9chec personnel et ont besoin d&rsquo;\u00eatre rassur\u00e9s \u00bb.<\/p><p>Depuis la cr\u00e9ation de l&rsquo;auto-\u00e9cole sociale, environ 150 personnes ont d\u00e9croch\u00e9 leur permis. En moyenne, en 2015, les jeunes ont b\u00e9n\u00e9fici\u00e9 de 51 heures de cours avec deux passages du code et trois passages \u00e0 l&rsquo;examen de conduite.<\/p><p><em>\u00c9lodie Boschet &#8211; Objectif Gard \u00a0 \u00a0 \u2022 \u00a0 \u00a0\u00a0<\/em><em>Cr\u00e9dit photo : Objectif Gard<\/em><\/p><\/div>\n\t\t\t\t<\/div>\n\t\t\t\t\t<\/div>\n\t\t\t\t<\/div>\n\t\t\t\t<\/div>\n\t\t\t\t<div class=\"elementor-element elementor-element-b5f141b elementor-widget elementor-widget-spacer\" data-id=\"b5f141b\" data-element_type=\"widget\" data-widget_type=\"spacer.default\">\n\t\t\t\t<div class=\"elementor-widget-container\">\n\t\t\t\t\t<div class=\"elementor-spacer\">\n\t\t\t<div class=\"elementor-spacer-inner\"><\/div>\n\t\t<\/div>\n\t\t\t\t<\/div>\n\t\t\t\t<\/div>\n\t\t\t\t<div class=\"elementor-element elementor-element-76a3943 elementor-widget elementor-widget-spacer\" data-id=\"76a3943\" data-element_type=\"widget\" data-widget_type=\"spacer.default\">\n\t\t\t\t<div class=\"elementor-widget-container\">\n\t\t\t\t\t<div class=\"elementor-spacer\">\n\t\t\t<div class=\"elementor-spacer-inner\"><\/div>\n\t\t<\/div>\n\t\t\t\t<\/div>\n\t\t\t\t<\/div>\n\t\t\t\t\t\t<\/div>\n\t\t\t\t\t<\/div>\n\t\t<\/div>\n\t\t\t\t\t\t\t\t<\/div>\n\t\t\t\t\t<\/div>\n\t\t<\/section>\n\t\t\t\t<footer data-particle_enable=\"false\" data-particle-mobile-disabled=\"false\" class=\"elementor-section elementor-top-section elementor-element elementor-element-74693e93 elementor-section-content-middle elementor-section-boxed elementor-section-height-default elementor-section-height-default\" data-id=\"74693e93\" data-element_type=\"section\" data-settings=\"{&quot;background_background&quot;:&quot;classic&quot;}\">\n\t\t\t\t\t\t<div class=\"elementor-container elementor-column-gap-default\">\n\t\t\t\t\t\t\t<div class=\"elementor-row\">\n\t\t\t\t\t<div class=\"elementor-column elementor-col-16 elementor-top-column elementor-element elementor-element-f5e8b7a\" data-id=\"f5e8b7a\" data-element_type=\"column\">\n\t\t\t<div class=\"elementor-column-wrap elementor-element-populated\">\n\t\t\t\t\t\t\t<div class=\"elementor-widget-wrap\">\n\t\t\t\t\t\t<div class=\"elementor-element elementor-element-3365dd3 elementor-widget elementor-widget-theme-site-logo elementor-widget-image\" data-id=\"3365dd3\" data-element_type=\"widget\" data-widget_type=\"theme-site-logo.default\">\n\t\t\t\t<div class=\"elementor-widget-container\">\n\t\t\t\t\t<div class=\"elementor-image\">\n\t\t\t\t\t\t\t\t\t\t\t<a href=\"https:\/\/mljalespayscevennes.com\">\n\t\t\t\t\t\t\t<img width=\"366\" height=\"81\" src=\"https:\/\/mljalespayscevennes.com\/wp-content\/uploads\/2020\/12\/cropped-MLJ-Ales-Logo-Site-1.png\" class=\"attachment-full size-full\" alt=\"\" loading=\"lazy\" srcset=\"https:\/\/mljalespayscevennes.com\/wp-content\/uploads\/2020\/12\/cropped-MLJ-Ales-Logo-Site-1.png 366w, https:\/\/mljalespayscevennes.com\/wp-content\/uploads\/2020\/12\/cropped-MLJ-Ales-Logo-Site-1-300x66.png 300w\" sizes=\"(max-width: 366px) 100vw, 366px\" \/>\t\t\t\t\t\t\t\t<\/a>\n\t\t\t\t\t\t\t\t\t\t\t<\/div>\n\t\t\t\t<\/div>\n\t\t\t\t<\/div>\n\t\t\t\t\t\t<\/div>\n\t\t\t\t\t<\/div>\n\t\t<\/div>\n\t\t\t\t<div class=\"elementor-column elementor-col-66 elementor-top-column elementor-element elementor-element-13cdf0a3\" data-id=\"13cdf0a3\" data-element_type=\"column\">\n\t\t\t<div class=\"elementor-column-wrap elementor-element-populated\">\n\t\t\t\t\t\t\t<div class=\"elementor-widget-wrap\">\n\t\t\t\t\t\t<div class=\"elementor-element elementor-element-43d9cc36 elementor-widget elementor-widget-heading\" data-id=\"43d9cc36\" data-element_type=\"widget\" data-widget_type=\"heading.default\">\n\t\t\t\t<div class=\"elementor-widget-container\">\n\t\t\t<h3 class=\"elementor-heading-title elementor-size-default\">\u00a9 2020 Mission Locale Jeunes Al\u00e8s-Pays C\u00e9vennes<\/h3>\t\t<\/div>\n\t\t\t\t<\/div>\n\t\t\t\t\t\t<\/div>\n\t\t\t\t\t<\/div>\n\t\t<\/div>\n\t\t\t\t<div class=\"elementor-column elementor-col-16 elementor-top-column elementor-element elementor-element-d2aaae2\" data-id=\"d2aaae2\" data-element_type=\"column\">\n\t\t\t<div class=\"elementor-column-wrap elementor-element-populated\">\n\t\t\t\t\t\t\t<div class=\"elementor-widget-wrap\">\n\t\t\t\t\t\t<div class=\"elementor-element elementor-element-519ee1c7 elementor-shape-rounded elementor-grid-0 elementor-widget elementor-widget-social-icons\" data-id=\"519ee1c7\" data-element_type=\"widget\" data-widget_type=\"social-icons.default\">\n\t\t\t\t<div class=\"elementor-widget-container\">\n\t\t\t\t\t<div class=\"elementor-social-icons-wrapper elementor-grid\">\n\t\t\t\t\t\t\t<div class=\"elementor-grid-item\">\n\t\t\t\t\t<a class=\"elementor-icon elementor-social-icon elementor-social-icon-facebook-f elementor-repeater-item-9969882\" href=\"https:\/\/www.facebook.com\/mljales\" target=\"_blank\">\n\t\t\t\t\t\t<span class=\"elementor-screen-only\">Facebook-f<\/span>\n\t\t\t\t\t\t<i class=\"fab fa-facebook-f\"><\/i>\t\t\t\t\t<\/a>\n\t\t\t\t<\/div>\n\t\t\t\t\t<\/div>\n\t\t\t\t<\/div>\n\t\t\t\t<\/div>\n\t\t\t\t\t\t<\/div>\n\t\t\t\t\t<\/div>\n\t\t<\/div>\n\t\t\t\t\t\t\t\t<\/div>\n\t\t\t\t\t<\/div>\n\t\t<\/footer>\n\t\t\t\t\t\t<\/div>\n\t\t\t\t\t\t<\/div>\n\t\t\t\t\t<\/div>\n\t\t","protected":false},"excerpt":{"rendered":"<p>MLJ Al\u00e8s-pays c\u00e9vennes Auto \u00e9cole solidaire La Mission Locale Jeunes Al\u00e8s Pays C\u00e9vennes dispose d\u2019une auto-\u00e9cole solidaire int\u00e9gr\u00e9e. Celle-ci permet \u00e0 moindre co\u00fbt de pouvoir pr\u00e9parer et passer son permis de conduire. Les conditions d\u2019acc\u00e8s se font sur\u00a0dossier et sous conditions de ressources. Lisez l&rsquo;article Objectif Gard Pour beaucoup, l&rsquo;obtention du permis de conduire repr\u00e9sente, [&hellip;]<\/p>\n","protected":false},"author":1,"featured_media":0,"parent":0,"menu_order":0,"comment_status":"closed","ping_status":"closed","template":"","meta":[],"_links":{"self":[{"href":"https:\/\/mljalespayscevennes.com\/index.php\/wp-json\/wp\/v2\/pages\/983"}],"collection":[{"href":"https:\/\/mljalespayscevennes.com\/index.php\/wp-json\/wp\/v2\/pages"}],"about":[{"href":"https:\/\/mljalespayscevennes.com\/index.php\/wp-json\/wp\/v2\/types\/page"}],"author":[{"embeddable":true,"href":"https:\/\/mljalespayscevennes.com\/index.php\/wp-json\/wp\/v2\/users\/1"}],"replies":[{"embeddable":true,"href":"https:\/\/mljalespayscevennes.com\/index.php\/wp-json\/wp\/v2\/comments?post=983"}],"version-history":[{"count":31,"href":"https:\/\/mljalespayscevennes.com\/index.php\/wp-json\/wp\/v2\/pages\/983\/revisions"}],"predecessor-version":[{"id":2463,"href":"https:\/\/mljalespayscevennes.com\/index.php\/wp-json\/wp\/v2\/pages\/983\/revisions\/2463"}],"wp:attachment":[{"href":"https:\/\/mljalespayscevennes.com\/index.php\/wp-json\/wp\/v2\/media?parent=983"}],"curies":[{"name":"wp","href":"https:\/\/api.w.org\/{rel}","templated":true}]}}